{"id":28,"date":"2025-05-18T11:18:49","date_gmt":"2025-05-18T09:18:49","guid":{"rendered":"https:\/\/www.joaquingarciahuertos.com\/?page_id=28"},"modified":"2026-04-09T17:27:35","modified_gmt":"2026-04-09T15:27:35","slug":"quien-soy","status":"publish","type":"page","link":"https:\/\/www.joaquingarciahuertos.com\/en\/quien-soy\/","title":{"rendered":"Qui\u00e9n soy"},"content":{"rendered":"\t\t<div data-elementor-type=\"wp-page\" data-elementor-id=\"28\" class=\"elementor elementor-28\" data-elementor-post-type=\"page\">\n\t\t\t\t<div class=\"elementor-element elementor-element-e1e7018 e-flex e-con-boxed e-con e-parent\" data-id=\"e1e7018\" data-element_type=\"container\" data-settings=\"{&quot;background_background&quot;:&quot;classic&quot;}\">\n\t\t\t\t\t<div class=\"e-con-inner\">\n\t\t\t\t<div class=\"elementor-element elementor-element-109f262 elementor-widget elementor-widget-heading\" data-id=\"109f262\" data-element_type=\"widget\" data-widget_type=\"heading.default\">\n\t\t\t\t<div class=\"elementor-widget-container\">\n\t\t\t\t\t<h2 class=\"elementor-heading-title elementor-size-default\">Mi Historia<\/h2>\t\t\t\t<\/div>\n\t\t\t\t<\/div>\n\t\t\t\t\t<\/div>\n\t\t\t\t<\/div>\n\t\t<div class=\"elementor-element elementor-element-8eb500c e-flex e-con-boxed e-con e-parent\" data-id=\"8eb500c\" data-element_type=\"container\" data-settings=\"{&quot;background_background&quot;:&quot;classic&quot;}\">\n\t\t\t\t\t<div class=\"e-con-inner\">\n\t\t<div class=\"elementor-element elementor-element-7a23178 e-con-full e-flex e-con e-child\" data-id=\"7a23178\" data-element_type=\"container\">\n\t\t\t\t<div class=\"elementor-element elementor-element-0407f1a elementor-widget elementor-widget-image\" data-id=\"0407f1a\" data-element_type=\"widget\" data-widget_type=\"image.default\">\n\t\t\t\t<div class=\"elementor-widget-container\">\n\t\t\t\t\t\t\t\t\t\t\t\t\t\t\t<img fetchpriority=\"high\" decoding=\"async\" width=\"502\" height=\"1024\" src=\"https:\/\/www.joaquingarciahuertos.com\/wp-content\/uploads\/2025\/05\/JOAQUIN-01_whatsapp-502x1024.jpg\" class=\"attachment-large size-large wp-image-408\" alt=\"\" srcset=\"https:\/\/www.joaquingarciahuertos.com\/wp-content\/uploads\/2025\/05\/JOAQUIN-01_whatsapp-502x1024.jpg 502w, https:\/\/www.joaquingarciahuertos.com\/wp-content\/uploads\/2025\/05\/JOAQUIN-01_whatsapp-147x300.jpg 147w, https:\/\/www.joaquingarciahuertos.com\/wp-content\/uploads\/2025\/05\/JOAQUIN-01_whatsapp-768x1566.jpg 768w, https:\/\/www.joaquingarciahuertos.com\/wp-content\/uploads\/2025\/05\/JOAQUIN-01_whatsapp-753x1536.jpg 753w, https:\/\/www.joaquingarciahuertos.com\/wp-content\/uploads\/2025\/05\/JOAQUIN-01_whatsapp-1004x2048.jpg 1004w, https:\/\/www.joaquingarciahuertos.com\/wp-content\/uploads\/2025\/05\/JOAQUIN-01_whatsapp.jpg 1059w\" sizes=\"(max-width: 502px) 100vw, 502px\" \/>\t\t\t\t\t\t\t\t\t\t\t\t\t\t\t<\/div>\n\t\t\t\t<\/div>\n\t\t\t\t<\/div>\n\t\t<div class=\"elementor-element elementor-element-e16cbdc e-con-full e-flex e-con e-child\" data-id=\"e16cbdc\" data-element_type=\"container\">\n\t\t\t\t<div class=\"elementor-element elementor-element-324eac0 elementor-widget elementor-widget-text-editor\" data-id=\"324eac0\" data-element_type=\"widget\" data-widget_type=\"text-editor.default\">\n\t\t\t\t<div class=\"elementor-widget-container\">\n\t\t\t\t\t\t\t\t\t<h2 class=\"\" data-start=\"178\" data-end=\"220\">La excelencia artesanal en piel y cuero<\/h2><p class=\"\" data-start=\"222\" data-end=\"783\"><strong data-start=\"222\" data-end=\"236\">Desde 1987<\/strong>, cuando ten\u00eda apenas 15 a\u00f1os, <strong data-start=\"267\" data-end=\"317\">el cuero y la piel se convirtieron en mi mundo<\/strong>. Mi historia comienza en el modesto pero sabio taller de un viejo guardicionero, un verdadero maestro de la tradici\u00f3n. Durante <strong data-start=\"445\" data-end=\"482\">ocho intensos a\u00f1os de aprendizaje<\/strong>, no solo descubr\u00ed las t\u00e9cnicas cl\u00e1sicas del oficio, sino que <strong data-start=\"544\" data-end=\"595\">absorb\u00ed cada matiz, cada secreto y cada detalle<\/strong> que hacen de este trabajo un arte en v\u00edas de extinci\u00f3n. All\u00ed entend\u00ed que no bastaba con saber coser o cortar: <strong data-start=\"706\" data-end=\"782\">hab\u00eda que conocer la historia, respetar los materiales y amar el proceso<\/strong>.<\/p>\t\t\t\t\t\t\t\t<\/div>\n\t\t\t\t<\/div>\n\t\t\t\t<div class=\"elementor-element elementor-element-9dfc4f9 elementor-widget elementor-widget-image\" data-id=\"9dfc4f9\" data-element_type=\"widget\" data-widget_type=\"image.default\">\n\t\t\t\t<div class=\"elementor-widget-container\">\n\t\t\t\t\t\t\t\t\t\t\t\t<figure class=\"wp-caption\">\n\t\t\t\t\t\t\t\t\t\t<img decoding=\"async\" width=\"800\" height=\"555\" src=\"https:\/\/www.joaquingarciahuertos.com\/wp-content\/uploads\/2025\/06\/img012-1.jpg\" class=\"attachment-large size-large wp-image-453\" alt=\"\" srcset=\"https:\/\/www.joaquingarciahuertos.com\/wp-content\/uploads\/2025\/06\/img012-1.jpg 882w, https:\/\/www.joaquingarciahuertos.com\/wp-content\/uploads\/2025\/06\/img012-1-300x208.jpg 300w, https:\/\/www.joaquingarciahuertos.com\/wp-content\/uploads\/2025\/06\/img012-1-768x533.jpg 768w\" sizes=\"(max-width: 800px) 100vw, 800px\" \/>\t\t\t\t\t\t\t\t\t\t\t<figcaption class=\"widget-image-caption wp-caption-text\">El maestro Francisco Palomino, \"Paco\", en su taller, con tres de sus primeros ayudantes, a principios de los a\u00f1os 60.<\/figcaption>\n\t\t\t\t\t\t\t\t\t\t<\/figure>\n\t\t\t\t\t\t\t\t\t<\/div>\n\t\t\t\t<\/div>\n\t\t\t\t<div class=\"elementor-element elementor-element-dd90a87 elementor-widget elementor-widget-text-editor\" data-id=\"dd90a87\" data-element_type=\"widget\" data-widget_type=\"text-editor.default\">\n\t\t\t\t<div class=\"elementor-widget-container\">\n\t\t\t\t\t\t\t\t\t<p class=\"\" data-start=\"785\" data-end=\"1136\">En aquel taller no solo confeccion\u00e1bamos piezas de cuero. <strong data-start=\"843\" data-end=\"894\">Tambi\u00e9n repar\u00e1bamos y manten\u00edamos la maquinaria<\/strong> que hac\u00eda posible cada creaci\u00f3n: prensas, troqueladoras, remachadoras&#8230; herramientas antiguas que exig\u00edan tanta dedicaci\u00f3n como el propio cuero. Ese equilibrio entre destreza manual y conocimiento t\u00e9cnico me form\u00f3 como un artesano completo.<\/p><p class=\"\" data-start=\"1138\" data-end=\"1614\">Con el paso del tiempo, trabaj\u00e9 en <strong data-start=\"1173\" data-end=\"1207\">distintos talleres y contextos<\/strong>, donde pude ampliar mis conocimientos y adaptarme a nuevos estilos y necesidades. En 2002, tras a\u00f1os de preparaci\u00f3n y con una firme vocaci\u00f3n, <strong data-start=\"1350\" data-end=\"1385\">decid\u00ed fundar mi propio negocio<\/strong>, un taller donde pudiera desarrollar mi estilo propio y dar forma a ideas \u00fanicas con sello personal. Desde entonces, <strong data-start=\"1503\" data-end=\"1553\">mi taller y tienda artesanal han ido creciendo<\/strong> al mismo ritmo que mi amor por este oficio noble y duradero.<\/p><p class=\"\" data-start=\"1616\" data-end=\"1949\">En <strong data-start=\"1619\" data-end=\"1627\">2007<\/strong> ampli\u00e9 mis instalaciones, creando un espacio m\u00e1s funcional y acogedor, pensado tanto para mejorar los procesos internos como para ofrecer a los clientes un entorno donde puedan conocer de cerca c\u00f3mo se trabaja la piel de forma artesanal. Cada rinc\u00f3n del taller respira autenticidad y refleja el compromiso con la calidad.<\/p><p class=\"\" data-start=\"1951\" data-end=\"2222\">A lo largo de los a\u00f1os, ese esfuerzo ha sido reconocido formalmente: en <strong data-start=\"2023\" data-end=\"2031\">2003<\/strong> obtuve el <strong data-start=\"2042\" data-end=\"2063\">Carn\u00e9 de Artesano<\/strong>, y en <strong data-start=\"2070\" data-end=\"2078\">2018<\/strong> me fue concedido el t\u00edtulo de <strong data-start=\"2109\" data-end=\"2129\">Maestro Artesano<\/strong>, un honor que confirma d\u00e9cadas de dedicaci\u00f3n, pero que nunca sustituir\u00e1 al verdadero premio:<\/p><blockquote data-start=\"2224\" data-end=\"2347\"><p class=\"\" data-start=\"2226\" data-end=\"2347\"><strong data-start=\"2226\" data-end=\"2347\">&#8220;El mayor reconocimiento es, sin duda, la satisfacci\u00f3n de cada cliente que ve hecha realidad la pieza que imaginaba.&#8221;<\/strong><\/p><\/blockquote><p class=\"\" data-start=\"2349\" data-end=\"2604\">Hoy, m\u00e1s que nunca, sigo creyendo en el valor de lo hecho a mano, en el respeto al material, en la personalizaci\u00f3n aut\u00e9ntica y en el di\u00e1logo cercano con quien busca algo \u00fanico. <strong data-start=\"2526\" data-end=\"2604\">Cada encargo es una historia. Cada pieza, una extensi\u00f3n de quien la lleva.<\/strong><\/p>\t\t\t\t\t\t\t\t<\/div>\n\t\t\t\t<\/div>\n\t\t\t\t<\/div>\n\t\t\t\t\t<\/div>\n\t\t\t\t<\/div>\n\t\t<div class=\"elementor-element elementor-element-4ca285c e-flex e-con-boxed e-con e-parent\" data-id=\"4ca285c\" data-element_type=\"container\" data-settings=\"{&quot;background_background&quot;:&quot;classic&quot;}\">\n\t\t\t\t\t<div class=\"e-con-inner\">\n\t\t\t\t<div class=\"elementor-element elementor-element-bbbeaa8 elementor-widget elementor-widget-heading\" data-id=\"bbbeaa8\" data-element_type=\"widget\" data-widget_type=\"heading.default\">\n\t\t\t\t<div class=\"elementor-widget-container\">\n\t\t\t\t\t<h4 class=\"elementor-heading-title elementor-size-default\">Reconocimientos y colaboraciones<\/h4>\t\t\t\t<\/div>\n\t\t\t\t<\/div>\n\t\t\t\t\t<\/div>\n\t\t\t\t<\/div>\n\t\t<div class=\"elementor-element elementor-element-9784cdc e-flex e-con-boxed e-con e-parent\" data-id=\"9784cdc\" data-element_type=\"container\" data-settings=\"{&quot;background_background&quot;:&quot;classic&quot;}\">\n\t\t\t\t\t<div class=\"e-con-inner\">\n\t\t<div class=\"elementor-element elementor-element-7795b08 e-con-full e-flex e-con e-child\" data-id=\"7795b08\" data-element_type=\"container\" data-settings=\"{&quot;background_background&quot;:&quot;classic&quot;}\">\n\t\t\t\t<div class=\"elementor-element elementor-element-a513cc2 elementor-widget elementor-widget-text-editor\" data-id=\"a513cc2\" data-element_type=\"widget\" data-widget_type=\"text-editor.default\">\n\t\t\t\t<div class=\"elementor-widget-container\">\n\t\t\t\t\t\t\t\t\t<div class=\"mb-16\"><div class=\"bg-[#f5e3c3]\/30 p-8 rounded-lg\"><p class=\"text-[#663501]\/80 mb-4\">A lo largo de mi carrera, he tenido el privilegio de colaborar con dise\u00f1adores como Mar\u00eda de los \u00c1ngeles Mart\u00ednez Oyarzabal, Alberto Gorgojo, Estudio Ricardo de la Torre y Estudio Miguel Mu\u00f1oz.<\/p><p class=\"text-[#663501]\/80 mb-4\">Mis piezas han sido expuestas en eventos como Casadecor, Farcama y la Pasarela Cibeles con Mar\u00eda Furia en el a\u00f1o 2012. Recib\u00ed el Premio Nacional de Innovaci\u00f3n y Artesan\u00eda del 2010 por mi obra &#8220;Para Arquer\u00eda Deportiva (PAD)&#8221;, un reconocimiento a la creatividad y la excelencia en este oficio.<\/p><\/div><\/div><div class=\"grid md:grid-cols-2 gap-12 items-center\"><div class=\"order-2 md:order-1\">\u00a0<\/div><\/div>\t\t\t\t\t\t\t\t<\/div>\n\t\t\t\t<\/div>\n\t\t\t\t<\/div>\n\t\t<div class=\"elementor-element elementor-element-db9b14f e-con-full e-flex e-con e-child\" data-id=\"db9b14f\" data-element_type=\"container\">\n\t\t<div class=\"elementor-element elementor-element-66b2f2e e-con-full e-flex e-con e-child\" data-id=\"66b2f2e\" data-element_type=\"container\" data-settings=\"{&quot;background_background&quot;:&quot;classic&quot;}\">\n\t\t<div class=\"elementor-element elementor-element-ad11020 e-con-full e-flex e-con e-child\" data-id=\"ad11020\" data-element_type=\"container\">\n\t\t<div class=\"elementor-element elementor-element-b112b8f e-con-full e-flex e-con e-child\" data-id=\"b112b8f\" data-element_type=\"container\">\n\t\t\t\t<div class=\"elementor-element elementor-element-e64d9df elementor-widget elementor-widget-image\" data-id=\"e64d9df\" data-element_type=\"widget\" data-widget_type=\"image.default\">\n\t\t\t\t<div class=\"elementor-widget-container\">\n\t\t\t\t\t\t\t\t\t\t\t\t\t\t\t<img decoding=\"async\" width=\"150\" height=\"150\" src=\"https:\/\/www.joaquingarciahuertos.com\/wp-content\/uploads\/2025\/05\/sddefault-150x150.jpg\" class=\"attachment-thumbnail size-thumbnail wp-image-174\" alt=\"\" \/>\t\t\t\t\t\t\t\t\t\t\t\t\t\t\t<\/div>\n\t\t\t\t<\/div>\n\t\t\t\t<\/div>\n\t\t<div class=\"elementor-element elementor-element-5d505c1 e-con-full e-flex e-con e-child\" data-id=\"5d505c1\" data-element_type=\"container\">\n\t\t\t\t<div class=\"elementor-element elementor-element-b6baf21 elementor-widget elementor-widget-text-editor\" data-id=\"b6baf21\" data-element_type=\"widget\" data-widget_type=\"text-editor.default\">\n\t\t\t\t<div class=\"elementor-widget-container\">\n\t\t\t\t\t\t\t\t\t<h5 class=\"text-xl font-serif text-[#663501]\"><strong>Premio Nacional de Innovaci\u00f3n y Artesan\u00eda 2010<\/strong><\/h5><div class=\"flex items-center mb-4\"><div><h6 class=\"text-[#663501]\/70\">Por la obra &#8220;Para Arquer\u00eda Deportiva (PAD)&#8221;<\/h6><\/div><\/div>\t\t\t\t\t\t\t\t<\/div>\n\t\t\t\t<\/div>\n\t\t\t\t<\/div>\n\t\t\t\t<\/div>\n\t\t<div class=\"elementor-element elementor-element-a3230c9 e-con-full e-flex e-con e-child\" data-id=\"a3230c9\" data-element_type=\"container\">\n\t\t\t\t<div class=\"elementor-element elementor-element-a42cb76 elementor-widget elementor-widget-heading\" data-id=\"a42cb76\" data-element_type=\"widget\" data-widget_type=\"heading.default\">\n\t\t\t\t<div class=\"elementor-widget-container\">\n\t\t\t\t\t<h5 class=\"elementor-heading-title elementor-size-default\">\"Un reconocimiento a la creatividad y la excelencia en este oficio.\"<\/h5>\t\t\t\t<\/div>\n\t\t\t\t<\/div>\n\t\t\t\t<\/div>\n\t\t\t\t<\/div>\n\t\t\t\t<\/div>\n\t\t\t\t\t<\/div>\n\t\t\t\t<\/div>\n\t\t<div class=\"elementor-element elementor-element-0a84443 e-flex e-con-boxed e-con e-parent\" data-id=\"0a84443\" data-element_type=\"container\" data-settings=\"{&quot;background_background&quot;:&quot;classic&quot;}\">\n\t\t\t\t\t<div class=\"e-con-inner\">\n\t\t<div class=\"elementor-element elementor-element-5a78640 e-con-full e-flex e-con e-child\" data-id=\"5a78640\" data-element_type=\"container\">\n\t\t\t\t<div class=\"elementor-element elementor-element-896e2ee elementor-widget elementor-widget-text-editor\" data-id=\"896e2ee\" data-element_type=\"widget\" data-widget_type=\"text-editor.default\">\n\t\t\t\t<div class=\"elementor-widget-container\">\n\t\t\t\t\t\t\t\t\t<h2 class=\"\" data-start=\"210\" data-end=\"240\">M\u00e1s all\u00e1 de lo convencional<\/h2><p class=\"\" data-start=\"242\" data-end=\"477\"><strong data-start=\"242\" data-end=\"316\">La artesan\u00eda tambi\u00e9n puede ser provocadora, irreverente, sorprendente.<\/strong> A lo largo de mi trayectoria he recibido numerosos encargos personalizados, pero pocos tan singulares como el que me plante\u00f3 el dise\u00f1ador <strong data-start=\"455\" data-end=\"474\">Alberto Gorgojo<\/strong>:<\/p><blockquote data-start=\"478\" data-end=\"534\"><p class=\"\" data-start=\"480\" data-end=\"534\"><em data-start=\"480\" data-end=\"534\">&#8220;\u00bfSer\u00edas capaz de hacer algo extravagante en cuero?&#8221;<\/em><\/p><\/blockquote><p class=\"\" data-start=\"536\" data-end=\"824\">No tard\u00e9 ni un segundo en responder: <strong data-start=\"573\" data-end=\"637\">ese tipo de retos son, precisamente, los que m\u00e1s me inspiran<\/strong>. Porque si algo define mi trabajo es la capacidad de salir de lo previsible, de explorar nuevas formas, y de convertir el cuero en un material expresivo, m\u00e1s all\u00e1 de su funci\u00f3n pr\u00e1ctica.<\/p><p class=\"\" data-start=\"826\" data-end=\"1244\">As\u00ed naci\u00f3 <strong data-start=\"836\" data-end=\"854\">&#8220;Ib\u00e9rico Lamp&#8221;<\/strong>, una l\u00e1mpara de autor que recrea, a escala real, la forma de un <strong data-start=\"919\" data-end=\"950\">jam\u00f3n ib\u00e9rico de pata negra<\/strong>. Suspendida de una cuerda de carnicero tradicional, la pieza no solo imita con precisi\u00f3n la silueta del jam\u00f3n curado, sino que <strong data-start=\"1078\" data-end=\"1140\">incorpora detalles realizados con cuero de vaca y de cabra<\/strong>, cuidadosamente seleccionados para jugar con los contrastes entre texturas, tonos y grados de opacidad.<\/p><p class=\"\" data-start=\"1246\" data-end=\"1665\"><strong data-start=\"1246\" data-end=\"1296\">No se trataba de una simple carcasa ornamental<\/strong>, sino de una verdadera escultura funcional: una l\u00e1mpara capaz de proyectar luz y, al mismo tiempo, <strong data-start=\"1396\" data-end=\"1458\">generar una experiencia visual que desaf\u00eda lo convencional<\/strong>. La combinaci\u00f3n entre lo r\u00fastico del cuero y lo conceptual del dise\u00f1o genera un efecto que capta la atenci\u00f3n en cualquier entorno, desde espacios gastron\u00f3micos de autor hasta galer\u00edas de arte contempor\u00e1neo.<\/p><blockquote data-start=\"1667\" data-end=\"1934\"><p class=\"\" data-start=\"1669\" data-end=\"1934\"><strong data-start=\"1669\" data-end=\"1761\">&#8220;Ib\u00e9rico Lamp&#8221; es mucho m\u00e1s que un objeto decorativo; es una declaraci\u00f3n de intenciones.<\/strong> Es una pieza que demuestra c\u00f3mo la artesan\u00eda puede dialogar con el arte y el dise\u00f1o m\u00e1s vanguardista, sin renunciar a la t\u00e9cnica, la tradici\u00f3n y el respeto por el material.<\/p><\/blockquote><p class=\"\" data-start=\"1936\" data-end=\"2287\">La obra ha sido expuesta en <strong data-start=\"1964\" data-end=\"2012\">distintas salas de arte y muestras de dise\u00f1o<\/strong>, consolid\u00e1ndose como un ejemplo de c\u00f3mo <strong data-start=\"2053\" data-end=\"2107\">la piel puede ser un veh\u00edculo creativo sin l\u00edmites<\/strong>. Para m\u00ed, fue tambi\u00e9n una oportunidad de mostrar que el cuero, bien trabajado, puede asumir cualquier forma, cualquier concepto, y seguir transmitiendo el alma del trabajo manual.<\/p>\t\t\t\t\t\t\t\t<\/div>\n\t\t\t\t<\/div>\n\t\t\t\t<\/div>\n\t\t<div class=\"elementor-element elementor-element-9b9feb1 e-con-full e-flex e-con e-child\" data-id=\"9b9feb1\" data-element_type=\"container\">\n\t\t\t\t<div class=\"elementor-element elementor-element-1f43e5b elementor-widget elementor-widget-image\" data-id=\"1f43e5b\" data-element_type=\"widget\" data-widget_type=\"image.default\">\n\t\t\t\t<div class=\"elementor-widget-container\">\n\t\t\t\t\t\t\t\t\t\t\t\t\t\t\t<img loading=\"lazy\" decoding=\"async\" width=\"768\" height=\"1152\" src=\"https:\/\/www.joaquingarciahuertos.com\/wp-content\/uploads\/2025\/05\/ibericoalbertogorgojo1-768x1152.jpg\" class=\"attachment-medium_large size-medium_large wp-image-215\" alt=\"\" srcset=\"https:\/\/www.joaquingarciahuertos.com\/wp-content\/uploads\/2025\/05\/ibericoalbertogorgojo1-768x1152.jpg 768w, https:\/\/www.joaquingarciahuertos.com\/wp-content\/uploads\/2025\/05\/ibericoalbertogorgojo1-200x300.jpg 200w, https:\/\/www.joaquingarciahuertos.com\/wp-content\/uploads\/2025\/05\/ibericoalbertogorgojo1-683x1024.jpg 683w, https:\/\/www.joaquingarciahuertos.com\/wp-content\/uploads\/2025\/05\/ibericoalbertogorgojo1.jpg 818w\" sizes=\"(max-width: 768px) 100vw, 768px\" \/>\t\t\t\t\t\t\t\t\t\t\t\t\t\t\t<\/div>\n\t\t\t\t<\/div>\n\t\t\t\t<\/div>\n\t\t\t\t\t<\/div>\n\t\t\t\t<\/div>\n\t\t\t\t<\/div>\n\t\t","protected":false},"excerpt":{"rendered":"<p>Mi Historia La excelencia artesanal en piel y cuero Desde 1987, cuando ten\u00eda apenas 15 a\u00f1os, el cuero y la piel se convirtieron en mi mundo. Mi historia comienza en el modesto pero sabio taller de un viejo guardicionero, un verdadero maestro de la tradici\u00f3n. Durante ocho intensos a\u00f1os de aprendizaje, no solo descubr\u00ed las [&hellip;]<\/p>\n","protected":false},"author":1,"featured_media":0,"parent":0,"menu_order":0,"comment_status":"closed","ping_status":"closed","template":"","meta":{"footnotes":""},"class_list":["post-28","page","type-page","status-publish","hentry"],"yoast_head":"<!-- This site is optimized with the Yoast SEO plugin v27.3 - https:\/\/yoast.com\/product\/yoast-seo-wordpress\/ -->\n<title>Joaqu\u00edn Garc\u00eda Huertos | Maestro Artesano de la Piel<\/title>\n<meta name=\"description\" content=\"Desde 1987 trabajando el cuero con t\u00e9cnicas artesanales tradicionales. Maestro Artesano titulado en 2018, Premio Nacional de Artesan\u00eda 2010 y colaboraciones con dise\u00f1adores de referencia. Conoce la historia detr\u00e1s de cada pieza.\" \/>\n<meta name=\"robots\" content=\"index, follow, max-snippet:-1, max-image-preview:large, max-video-preview:-1\" \/>\n<link rel=\"canonical\" href=\"https:\/\/www.joaquingarciahuertos.com\/en\/quien-soy\/\" \/>\n<meta property=\"og:locale\" content=\"en_US\" \/>\n<meta property=\"og:locale:alternate\" content=\"es_ES\" \/>\n<meta property=\"og:type\" content=\"article\" \/>\n<meta property=\"og:title\" content=\"Joaqu\u00edn Garc\u00eda Huertos | Maestro Artesano de la Piel\" \/>\n<meta property=\"og:description\" content=\"Desde 1987 trabajando el cuero con t\u00e9cnicas artesanales tradicionales. Maestro Artesano titulado en 2018, Premio Nacional de Artesan\u00eda 2010 y colaboraciones con dise\u00f1adores de referencia. Conoce la historia detr\u00e1s de cada pieza.\" \/>\n<meta property=\"og:url\" content=\"https:\/\/www.joaquingarciahuertos.com\/en\/quien-soy\/\" \/>\n<meta property=\"og:site_name\" content=\"Joaqu\u00edn Garc\u00eda Huertos \u2013 Maestro Artesano de la Piel\" \/>\n<meta property=\"article:modified_time\" content=\"2026-04-09T15:27:35+00:00\" \/>\n<meta property=\"og:image\" content=\"https:\/\/www.joaquingarciahuertos.com\/wp-content\/uploads\/2025\/05\/JOAQUIN-01_whatsapp-502x1024.jpg\" \/>\n<meta name=\"twitter:card\" content=\"summary_large_image\" \/>\n<meta name=\"twitter:label1\" content=\"Est. reading time\" \/>\n\t<meta name=\"twitter:data1\" content=\"5 minutes\" \/>\n<script type=\"application\/ld+json\" class=\"yoast-schema-graph\">{\"@context\":\"https:\\\/\\\/schema.org\",\"@graph\":[{\"@type\":\"WebPage\",\"@id\":\"https:\\\/\\\/www.joaquingarciahuertos.com\\\/quien-soy\\\/\",\"url\":\"https:\\\/\\\/www.joaquingarciahuertos.com\\\/quien-soy\\\/\",\"name\":\"Joaqu\u00edn Garc\u00eda Huertos | Maestro Artesano de la Piel\",\"isPartOf\":{\"@id\":\"https:\\\/\\\/www.joaquingarciahuertos.com\\\/#website\"},\"primaryImageOfPage\":{\"@id\":\"https:\\\/\\\/www.joaquingarciahuertos.com\\\/quien-soy\\\/#primaryimage\"},\"image\":{\"@id\":\"https:\\\/\\\/www.joaquingarciahuertos.com\\\/quien-soy\\\/#primaryimage\"},\"thumbnailUrl\":\"https:\\\/\\\/www.joaquingarciahuertos.com\\\/wp-content\\\/uploads\\\/2025\\\/05\\\/JOAQUIN-01_whatsapp-502x1024.jpg\",\"datePublished\":\"2025-05-18T09:18:49+00:00\",\"dateModified\":\"2026-04-09T15:27:35+00:00\",\"description\":\"Desde 1987 trabajando el cuero con t\u00e9cnicas artesanales tradicionales. Maestro Artesano titulado en 2018, Premio Nacional de Artesan\u00eda 2010 y colaboraciones con dise\u00f1adores de referencia. Conoce la historia detr\u00e1s de cada pieza.\",\"breadcrumb\":{\"@id\":\"https:\\\/\\\/www.joaquingarciahuertos.com\\\/quien-soy\\\/#breadcrumb\"},\"inLanguage\":\"en-US\",\"potentialAction\":[{\"@type\":\"ReadAction\",\"target\":[\"https:\\\/\\\/www.joaquingarciahuertos.com\\\/quien-soy\\\/\"]}]},{\"@type\":\"ImageObject\",\"inLanguage\":\"en-US\",\"@id\":\"https:\\\/\\\/www.joaquingarciahuertos.com\\\/quien-soy\\\/#primaryimage\",\"url\":\"https:\\\/\\\/www.joaquingarciahuertos.com\\\/wp-content\\\/uploads\\\/2025\\\/05\\\/JOAQUIN-01_whatsapp-502x1024.jpg\",\"contentUrl\":\"https:\\\/\\\/www.joaquingarciahuertos.com\\\/wp-content\\\/uploads\\\/2025\\\/05\\\/JOAQUIN-01_whatsapp-502x1024.jpg\"},{\"@type\":\"BreadcrumbList\",\"@id\":\"https:\\\/\\\/www.joaquingarciahuertos.com\\\/quien-soy\\\/#breadcrumb\",\"itemListElement\":[{\"@type\":\"ListItem\",\"position\":1,\"name\":\"Portada\",\"item\":\"https:\\\/\\\/www.joaquingarciahuertos.com\\\/\"},{\"@type\":\"ListItem\",\"position\":2,\"name\":\"Qui\u00e9n soy\"}]},{\"@type\":\"WebSite\",\"@id\":\"https:\\\/\\\/www.joaquingarciahuertos.com\\\/#website\",\"url\":\"https:\\\/\\\/www.joaquingarciahuertos.com\\\/\",\"name\":\"Joaqu\u00edn Garc\u00eda Huertos \u2013 Maestro Artesano de la Piel\",\"description\":\"\",\"publisher\":{\"@id\":\"https:\\\/\\\/www.joaquingarciahuertos.com\\\/#organization\"},\"potentialAction\":[{\"@type\":\"SearchAction\",\"target\":{\"@type\":\"EntryPoint\",\"urlTemplate\":\"https:\\\/\\\/www.joaquingarciahuertos.com\\\/?s={search_term_string}\"},\"query-input\":{\"@type\":\"PropertyValueSpecification\",\"valueRequired\":true,\"valueName\":\"search_term_string\"}}],\"inLanguage\":\"en-US\"},{\"@type\":\"Organization\",\"@id\":\"https:\\\/\\\/www.joaquingarciahuertos.com\\\/#organization\",\"name\":\"Joaqu\u00edn Garc\u00eda Huertos \u2013 Maestro Artesano de la Piel\",\"url\":\"https:\\\/\\\/www.joaquingarciahuertos.com\\\/\",\"logo\":{\"@type\":\"ImageObject\",\"inLanguage\":\"en-US\",\"@id\":\"https:\\\/\\\/www.joaquingarciahuertos.com\\\/#\\\/schema\\\/logo\\\/image\\\/\",\"url\":\"https:\\\/\\\/www.joaquingarciahuertos.com\\\/wp-content\\\/uploads\\\/2025\\\/05\\\/logo_jgh.png\",\"contentUrl\":\"https:\\\/\\\/www.joaquingarciahuertos.com\\\/wp-content\\\/uploads\\\/2025\\\/05\\\/logo_jgh.png\",\"width\":193,\"height\":193,\"caption\":\"Joaqu\u00edn Garc\u00eda Huertos \u2013 Maestro Artesano de la Piel\"},\"image\":{\"@id\":\"https:\\\/\\\/www.joaquingarciahuertos.com\\\/#\\\/schema\\\/logo\\\/image\\\/\"}}]}<\/script>\n<!-- \/ Yoast SEO plugin. -->","yoast_head_json":{"title":"Joaqu\u00edn Garc\u00eda Huertos | Maestro Artesano de la Piel","description":"Desde 1987 trabajando el cuero con t\u00e9cnicas artesanales tradicionales. Maestro Artesano titulado en 2018, Premio Nacional de Artesan\u00eda 2010 y colaboraciones con dise\u00f1adores de referencia. Conoce la historia detr\u00e1s de cada pieza.","robots":{"index":"index","follow":"follow","max-snippet":"max-snippet:-1","max-image-preview":"max-image-preview:large","max-video-preview":"max-video-preview:-1"},"canonical":"https:\/\/www.joaquingarciahuertos.com\/en\/quien-soy\/","og_locale":"en_US","og_type":"article","og_title":"[:es]Joaqu\u00edn Garc\u00eda Huertos | Maestro Artesano de la Piel[:]","og_description":"[:es]Desde 1987 trabajando el cuero con t\u00e9cnicas artesanales tradicionales. Maestro Artesano titulado en 2018, Premio Nacional de Artesan\u00eda 2010 y colaboraciones con dise\u00f1adores de referencia. Conoce la historia detr\u00e1s de cada pieza.[:]","og_url":"https:\/\/www.joaquingarciahuertos.com\/en\/quien-soy\/","og_site_name":"Joaqu\u00edn Garc\u00eda Huertos \u2013 Maestro Artesano de la Piel","article_modified_time":"2026-04-09T15:27:35+00:00","og_image":[{"url":"https:\/\/www.joaquingarciahuertos.com\/wp-content\/uploads\/2025\/05\/JOAQUIN-01_whatsapp-502x1024.jpg","type":"","width":"","height":""}],"twitter_card":"summary_large_image","twitter_misc":{"Est. reading time":"5 minutes"},"schema":{"@context":"https:\/\/schema.org","@graph":[{"@type":"WebPage","@id":"https:\/\/www.joaquingarciahuertos.com\/quien-soy\/","url":"https:\/\/www.joaquingarciahuertos.com\/quien-soy\/","name":"Joaqu\u00edn Garc\u00eda Huertos | Maestro Artesano de la Piel","isPartOf":{"@id":"https:\/\/www.joaquingarciahuertos.com\/#website"},"primaryImageOfPage":{"@id":"https:\/\/www.joaquingarciahuertos.com\/quien-soy\/#primaryimage"},"image":{"@id":"https:\/\/www.joaquingarciahuertos.com\/quien-soy\/#primaryimage"},"thumbnailUrl":"https:\/\/www.joaquingarciahuertos.com\/wp-content\/uploads\/2025\/05\/JOAQUIN-01_whatsapp-502x1024.jpg","datePublished":"2025-05-18T09:18:49+00:00","dateModified":"2026-04-09T15:27:35+00:00","description":"Desde 1987 trabajando el cuero con t\u00e9cnicas artesanales tradicionales. Maestro Artesano titulado en 2018, Premio Nacional de Artesan\u00eda 2010 y colaboraciones con dise\u00f1adores de referencia. Conoce la historia detr\u00e1s de cada pieza.","breadcrumb":{"@id":"https:\/\/www.joaquingarciahuertos.com\/quien-soy\/#breadcrumb"},"inLanguage":"en-US","potentialAction":[{"@type":"ReadAction","target":["https:\/\/www.joaquingarciahuertos.com\/quien-soy\/"]}]},{"@type":"ImageObject","inLanguage":"en-US","@id":"https:\/\/www.joaquingarciahuertos.com\/quien-soy\/#primaryimage","url":"https:\/\/www.joaquingarciahuertos.com\/wp-content\/uploads\/2025\/05\/JOAQUIN-01_whatsapp-502x1024.jpg","contentUrl":"https:\/\/www.joaquingarciahuertos.com\/wp-content\/uploads\/2025\/05\/JOAQUIN-01_whatsapp-502x1024.jpg"},{"@type":"BreadcrumbList","@id":"https:\/\/www.joaquingarciahuertos.com\/quien-soy\/#breadcrumb","itemListElement":[{"@type":"ListItem","position":1,"name":"Portada","item":"https:\/\/www.joaquingarciahuertos.com\/"},{"@type":"ListItem","position":2,"name":"Qui\u00e9n soy"}]},{"@type":"WebSite","@id":"https:\/\/www.joaquingarciahuertos.com\/#website","url":"https:\/\/www.joaquingarciahuertos.com\/","name":"Joaqu\u00edn Garc\u00eda Huertos \u2013 Maestro Artesano de la Piel","description":"","publisher":{"@id":"https:\/\/www.joaquingarciahuertos.com\/#organization"},"potentialAction":[{"@type":"SearchAction","target":{"@type":"EntryPoint","urlTemplate":"https:\/\/www.joaquingarciahuertos.com\/?s={search_term_string}"},"query-input":{"@type":"PropertyValueSpecification","valueRequired":true,"valueName":"search_term_string"}}],"inLanguage":"en-US"},{"@type":"Organization","@id":"https:\/\/www.joaquingarciahuertos.com\/#organization","name":"Joaqu\u00edn Garc\u00eda Huertos \u2013 Maestro Artesano de la Piel","url":"https:\/\/www.joaquingarciahuertos.com\/","logo":{"@type":"ImageObject","inLanguage":"en-US","@id":"https:\/\/www.joaquingarciahuertos.com\/#\/schema\/logo\/image\/","url":"https:\/\/www.joaquingarciahuertos.com\/wp-content\/uploads\/2025\/05\/logo_jgh.png","contentUrl":"https:\/\/www.joaquingarciahuertos.com\/wp-content\/uploads\/2025\/05\/logo_jgh.png","width":193,"height":193,"caption":"Joaqu\u00edn Garc\u00eda Huertos \u2013 Maestro Artesano de la Piel"},"image":{"@id":"https:\/\/www.joaquingarciahuertos.com\/#\/schema\/logo\/image\/"}}]}},"_links":{"self":[{"href":"https:\/\/www.joaquingarciahuertos.com\/en\/wp-json\/wp\/v2\/pages\/28","targetHints":{"allow":["GET"]}}],"collection":[{"href":"https:\/\/www.joaquingarciahuertos.com\/en\/wp-json\/wp\/v2\/pages"}],"about":[{"href":"https:\/\/www.joaquingarciahuertos.com\/en\/wp-json\/wp\/v2\/types\/page"}],"author":[{"embeddable":true,"href":"https:\/\/www.joaquingarciahuertos.com\/en\/wp-json\/wp\/v2\/users\/1"}],"replies":[{"embeddable":true,"href":"https:\/\/www.joaquingarciahuertos.com\/en\/wp-json\/wp\/v2\/comments?post=28"}],"version-history":[{"count":22,"href":"https:\/\/www.joaquingarciahuertos.com\/en\/wp-json\/wp\/v2\/pages\/28\/revisions"}],"predecessor-version":[{"id":457,"href":"https:\/\/www.joaquingarciahuertos.com\/en\/wp-json\/wp\/v2\/pages\/28\/revisions\/457"}],"wp:attachment":[{"href":"https:\/\/www.joaquingarciahuertos.com\/en\/wp-json\/wp\/v2\/media?parent=28"}],"curies":[{"name":"wp","href":"https:\/\/api.w.org\/{rel}","templated":true}]}}